{"id":28,"date":"2015-11-26T14:39:00","date_gmt":"2015-11-26T14:39:00","guid":{"rendered":"http:\/\/waldorfkindergarten-langen.de\/?page_id=28"},"modified":"2026-02-03T14:43:38","modified_gmt":"2026-02-03T14:43:38","slug":"unser-angebot","status":"publish","type":"page","link":"https:\/\/waldorfkindergarten-langen.de\/?page_id=28","title":{"rendered":"Unser Angebot"},"content":{"rendered":"<p><span class=\"xr_tl xr_s4\"><a href=\"http:\/\/waldorfkindergarten-langen.de\/wp-content\/uploads\/2015\/11\/45.png\"><img decoding=\"async\" loading=\"lazy\" class=\"size-full wp-image-17 alignleft\" src=\"http:\/\/waldorfkindergarten-langen.de\/wp-content\/uploads\/2015\/11\/45.png\" alt=\"45\" width=\"211\" height=\"211\" srcset=\"https:\/\/waldorfkindergarten-langen.de\/wp-content\/uploads\/2015\/11\/45.png 211w, https:\/\/waldorfkindergarten-langen.de\/wp-content\/uploads\/2015\/11\/45-150x150.png 150w\" sizes=\"(max-width: 211px) 100vw, 211px\" \/><\/a>Unser Waldorfkindergarten befindet sich mitten im Herzen von Langen, Bahnstra\u00dfe 17. In <\/span><span class=\"xr_tl xr_s4\">diesem Anwesen, das \u00fcber einen herrlich eingewachsenen Garten verf\u00fcgt, betreut unser<br \/>\n<\/span><span class=\"xr_tl xr_s4\">P\u00e4dagogenteam in zwei Kindergartengruppen insgesamt<br \/>\n<\/span><span class=\"xr_tl xr_s4\">30 Kinder ab 3 Jahren bis zum Schuleintritt. Gerne k\u00f6nnen Sie sich bei Frau Sabrina Dyla<\/span><span class=\"xr_tl xr_s4\">,<br \/>\ndie alle Neuinteressenten f\u00fcr unsere Einrichtung betreut,<br \/>\ninformieren (<a href=\"mailto:kontakt@waldorfkindergarten-langen.de\" target=\"_blank\" rel=\"noopener noreferrer\">kontakt@waldorfkindergarten-<wbr \/>langen.de<\/a>).<\/span><\/p>\n<p><i>Interessenten k\u00f6nnen freitags zwischen 9 Uhr und 11 Uhr unter 06103\/53695 einen Besichtigungstermin mit uns vereinbaren<\/i><\/p>\n<p><strong><em>Bitte beachten Sie, dass Sie zun\u00e4chst eine Voranmeldung bei der Stadt Langen abgeben m\u00fcssen!<\/em><\/strong><em><br \/>\nDas Formular finden Sie unter<br \/>\n<a href=\"https:\/\/www.langen.de\/de\/kinderbetreuung.html\" data-saferedirecturl=\"https:\/\/www.google.com\/url?q=https:\/\/www.langen.de\/de\/kinderbetreuung.html&amp;source=gmail&amp;ust=1580731890185000&amp;usg=AFQjCNH0Ka3PjykHdL2vzgZRJXTDoPIn3g\">https:\/\/www.langen.de\/de\/kinderbetreuung.html<\/a><\/em><\/p>\n<p><strong><i>Unsere Einrichtung ben\u00f6tigt eine weitere Voranmeldung.<\/i><\/strong><b><i><br \/>\n<em>Anmeldung f\u00fcr das Kindergartenjahr <\/em><\/i><\/b><em><b>2026\/2027 bitte zeitnah bei uns einreichen!<\/b><\/em><b><i><br \/>\n<em>Anmeldung f\u00fcr das Folgejahr <\/em><\/i><\/b><em><b>2027\/2028 bitte bis zum 31.12.2026<\/b><\/em><em><b>\u00a0bei uns einreichen (Ende Abgabefrist)<\/b><\/em><\/p>\n<p><em>Das Anmeldeformular finden Sie <a href=\"http:\/\/waldorfkindergarten-langen.de\/wp-content\/uploads\/2025\/11\/20251113_Voranmeldung-WKL-Neuaufnahmen.pdf\">hier<\/a> <\/em><\/p>\n<p><a href=\"http:\/\/waldorfkindergarten-langen.de\/wp-content\/uploads\/2015\/11\/44.png\"><img decoding=\"async\" loading=\"lazy\" class=\"size-full wp-image-16 alignright\" src=\"http:\/\/waldorfkindergarten-langen.de\/wp-content\/uploads\/2015\/11\/44.png\" alt=\"44\" width=\"210\" height=\"210\" srcset=\"https:\/\/waldorfkindergarten-langen.de\/wp-content\/uploads\/2015\/11\/44.png 210w, https:\/\/waldorfkindergarten-langen.de\/wp-content\/uploads\/2015\/11\/44-150x150.png 150w\" sizes=\"(max-width: 210px) 100vw, 210px\" \/><\/a><\/p>\n<p><span class=\"xr_tl xr_s4\"><strong>\u00d6ffnungszeiten<\/strong><br \/>\n<\/span><span class=\"xr_tl xr_s4\">Montag bis Freitag 8:00 bis 15:00 Uhr<\/span><\/p>\n<p><span class=\"xr_tl xr_s4\"><strong>Schlie\u00dfzeiten<\/strong><br \/>\n<\/span><span class=\"xr_tl xr_s4\">Sommerferien, 3 Wochen (in der &#8220;Mitte&#8221;)<br \/>\n<\/span><span class=\"xr_tl xr_s4\">Winterferien,\u00a01 Woche (zwischen den Jahren)<\/span><\/p>\n<p><strong>Halbtagsbetreuung (08:00-12:30), ohne Mittagessen<\/strong><br \/>\nMonatsbeitrag: 10,00 Euro (Verpflegungsbeitrag)<\/p>\n<p><strong>Halbtagsbetreuung (08:00-13:00), mit Mittagessen<\/strong><br \/>\nMonatsbeitrag: 120,00 Euro<br \/>\n(Verpflegungsbeitrag von 120,00 Euro)<\/p>\n<p><strong>Mittagsbetreuung (08:00-15:00), mit Mittagessen<\/strong><br \/>\nMonatsbeitrag: 154,32 Euro<br \/>\n(Betreuungszeit\u00a0 von 14:00 bis 15:00 Uhr wird mit 34,32 Euro berechnet, zzgl. Verpflegungsbeitrag von 120,00 Euro)<\/p>\n<p><strong>Geschwisterrabatt<\/strong><br \/>\n<span class=\"m_5818911541116529273xrtl\">Gem\u00e4\u00df der <a href=\"https:\/\/www.langen.de\/de\/kinderbetreuung.html\">Geb\u00fchrensatzung<\/a> der Stadt Langen.<br \/>\n<\/span><\/p>\n<p><span class=\"m_5818911541116529273xrtl\">Integrativpl\u00e4tze stehen zur Verf\u00fcgung<\/span><\/p>\n<p><span class=\"xr_tl xr_s4\"><strong>Konzeption<\/strong><\/span><br \/>\nUnsere Konzeption steht <a href=\"http:\/\/waldorfkindergarten-langen.de\/wp-content\/uploads\/2024\/04\/20240422_Waldorfkindergarten-Langen_Konzeption.pdf\">hier<\/a> zum Download zur Verf\u00fcgung.<\/p>\n<p><b>Kinderschutzkonzept<br \/>\n<\/b>Unser Kinderschutzkonzept steht <a href=\"http:\/\/waldorfkindergarten-langen.de\/wp-content\/uploads\/2024\/09\/20240828_Kischukon-Waldorfkindergarten_final.pdf\">hier<\/a> zum Download.<\/p>\n","protected":false},"excerpt":{"rendered":"<p>Unser Waldorfkindergarten befindet sich mitten im Herzen von Langen, Bahnstra\u00dfe 17. In diesem Anwesen, das \u00fcber einen herrlich eingewachsenen Garten verf\u00fcgt, betreut unser P\u00e4dagogenteam in zwei Kindergartengruppen insgesamt 30 Kinder ab 3 Jahren bis zum Schuleintritt. Gerne k\u00f6nnen Sie sich bei Frau Sabrina Dyla, die alle Neuinteressenten f\u00fcr unsere Einrichtung betreut, informieren (kontakt@waldorfkindergarten-langen.de). Interessenten k\u00f6nnen &hellip; <a href=\"https:\/\/waldorfkindergarten-langen.de\/?page_id=28\" class=\"more-link\">Continue reading <span class=\"screen-reader-text\">Unser Angebot<\/span> <span class=\"meta-nav\">&rarr;<\/span><\/a><\/p>\n","protected":false},"author":1,"featured_media":0,"parent":0,"menu_order":3,"comment_status":"closed","ping_status":"closed","template":"","meta":[],"_links":{"self":[{"href":"https:\/\/waldorfkindergarten-langen.de\/index.php?rest_route=\/wp\/v2\/pages\/28"}],"collection":[{"href":"https:\/\/waldorfkindergarten-langen.de\/index.php?rest_route=\/wp\/v2\/pages"}],"about":[{"href":"https:\/\/waldorfkindergarten-langen.de\/index.php?rest_route=\/wp\/v2\/types\/page"}],"author":[{"embeddable":true,"href":"https:\/\/waldorfkindergarten-langen.de\/index.php?rest_route=\/wp\/v2\/users\/1"}],"replies":[{"embeddable":true,"href":"https:\/\/waldorfkindergarten-langen.de\/index.php?rest_route=%2Fwp%2Fv2%2Fcomments&post=28"}],"version-history":[{"count":48,"href":"https:\/\/waldorfkindergarten-langen.de\/index.php?rest_route=\/wp\/v2\/pages\/28\/revisions"}],"predecessor-version":[{"id":369,"href":"https:\/\/waldorfkindergarten-langen.de\/index.php?rest_route=\/wp\/v2\/pages\/28\/revisions\/369"}],"wp:attachment":[{"href":"https:\/\/waldorfkindergarten-langen.de\/index.php?rest_route=%2Fwp%2Fv2%2Fmedia&parent=28"}],"curies":[{"name":"wp","href":"https:\/\/api.w.org\/{rel}","templated":true}]}}