{"id":41,"date":"2015-11-26T14:53:04","date_gmt":"2015-11-26T14:53:04","guid":{"rendered":"http:\/\/waldorfkindergarten-langen.de\/?page_id=41"},"modified":"2015-11-26T14:55:46","modified_gmt":"2015-11-26T14:55:46","slug":"jahreslauf","status":"publish","type":"page","link":"https:\/\/waldorfkindergarten-langen.de\/?page_id=41","title":{"rendered":"Jahreslauf"},"content":{"rendered":"<p><a href=\"http:\/\/waldorfkindergarten-langen.de\/wp-content\/uploads\/2015\/11\/40.png\"><img decoding=\"async\" loading=\"lazy\" class=\"size-medium wp-image-15 alignright\" src=\"http:\/\/waldorfkindergarten-langen.de\/wp-content\/uploads\/2015\/11\/40-300x198.png\" alt=\"40\" width=\"300\" height=\"198\" srcset=\"https:\/\/waldorfkindergarten-langen.de\/wp-content\/uploads\/2015\/11\/40-300x198.png 300w, https:\/\/waldorfkindergarten-langen.de\/wp-content\/uploads\/2015\/11\/40.png 414w\" sizes=\"(max-width: 300px) 100vw, 300px\" \/><\/a>Im Waldorfkindergarten erleben und feiern wir folgende Feste:<\/p>\n<p>Januar: Drei K\u00f6nige<br \/>\nFebruar\/M\u00e4rz: Fasching<br \/>\nM\u00e4rz\/April: Ostern<br \/>\nMai\/Juni: Himmelfahrt und Pfingsten<br \/>\n<span class=\"xr_tl\">Juni\/Juli: Johanni, Sommerfest und der Abschied der <\/span><span class=\"xr_tl xr_s6\"><span class=\"xr_s3\">Schulkinder<br \/>\n<\/span><\/span>Juli\/August: Ferienzeit\/Ferienbetreuung<br \/>\nSeptember: Erntezeit<br \/>\nOktober: Michaelizeit (Drache, Schwert, Kr\u00e4ftemessen)<br \/>\nNovember: Martinsfest<br \/>\nDezember: Adventszeit und Adventsg\u00e4rtlein<\/p>\n<p><span class=\"xr_tl\">Im Waldorfkindergarten werden die Jahreszeiten und die <\/span><span class=\"xr_tl\">christlichen Jahresfeste erlebt, z. B. durch die Gestaltung des <\/span><span class=\"xr_tl\">Jahreszeitentisches. Hier wird das Erleben der Natur im Raum <\/span><span class=\"xr_tl\">erm\u00f6glicht. So findet man im Fr\u00fchling helle gr\u00fcne Farben vor, <\/span><span class=\"xr_tl\">das Ostergras w\u00e4chst und bald h\u00fcpfen auch die ersten H\u00e4schen <\/span><span class=\"xr_tl\">herbei. In der Adventzeit wird man hier Maria und Josef <\/span><span class=\"xr_tl xr_s6\"><span class=\"xr_s3\">unterwegs auf ihrem Weg zum Stall sehen.<\/span><\/span><\/p>\n<p><span class=\"xr_tl\">Die Kinder erleben die Jahreszeiten besonders intensiv in der Gartenzeit und am Waldtag: Die Kinder k\u00f6nnen in der Natur verweilen: es werden <\/span><span class=\"xr_tl\">Schnecken, K\u00e4fer, W\u00fcrmer, Raupen und Ameisen entdeckt und beobachtet. Schnee, Regen, Wind und die hei\u00dfe Sonne im Sommer zeigen uns das <\/span><span class=\"xr_tl\">Spiel des Wetters. Im Spiel mit den Elementen erleben sie sich selbst jeden Tag neu. So hat das Jahr seine verschiedenen Zeiten und Feste und gibt <\/span><span class=\"xr_tl xr_s6\"><span class=\"xr_s3\">den Kindern dadurch die Sicherheit und das Vertrauen zu wissen, was geht und was kommt.<\/span><\/span><\/p>\n<p><span class=\"xr_tl\">Aber auch im Reigen, im rhythmisch gestalteten Teil des Tages, wird in Liedern und Spr\u00fcchen das Jahr begleitet. So geht zum Beispiel zur Erntezeit <\/span><span class=\"xr_tl\">der Bauer aufs Feld, m\u00e4ht das Getreide, drischt es und bringt es zum M\u00fcller. Der wird es in der M\u00fchle mahlen und der B\u00e4cker b\u00e4ckt aus dem <\/span><span class=\"xr_tl\">gewonnenen Mehl ein feines Erntebrot.<\/span><\/p>\n<p><span class=\"xr_tl\">Immer wiederkehrende Rhythmen, wie Lieder, Geschichten aber auch Feste sind &#8220;Rituale&#8221; und lassen das Kind sich schon im Vorfeld auf das <\/span><span class=\"xr_tl\">n\u00e4chste Fest freuen. Mit der Vorbereitung auf ein Fest w\u00e4chst auch die Vorfreude, die sich dann im H\u00f6hepunkt, dem Erleben der Feier, entl\u00e4dt. Dann <\/span><span class=\"xr_tl\">klingt das eine Fest aus und die Vorbereitung aufs n\u00e4chste kann beginnen.<br \/>\n<\/span><span class=\"xr_tl\">In der zeitlichen Ordnung des Jahres leben die Kinder im Waldorfkindergarten so von einem Fest zum n\u00e4chsten. Durch das intensive Begleiten ihrer <\/span><span class=\"xr_tl\">T\u00e4tigkeiten erleben sie auch die Traditionen, an denen sie selbst entdecken k\u00f6nnen, was als n\u00e4chstes kommt. So werden, wenn die Tage k\u00fcrzer <\/span><span class=\"xr_tl\">werden und die N\u00e4chte l\u00e4nger, bald die Laternen gebastelt. Im Reigen werden Lieder erklingen, die die \u00e4lteren Kinder aus dem letzten Jahr <\/span><span class=\"xr_tl\">wiedererkennen, wie zum Beispiel &#8220;Laterne, Laterne, leuchtet wie die Sterne&#8230;&#8221;. Auf den Jahreszeitentisch kommen die kleinen Helfer, die Zwerge, <\/span><span class=\"xr_tl\">aus ihren Verstecken und leuchten uns mit ihren kleinen Laternen dem Laternenfest entgegen. Sind alle Laternen gebastelt, findet das Laternenfest <\/span><span class=\"xr_tl\">statt. Dann treffen wir uns wenn es dunkel wird mit den Eltern und Kindern und leuchten mit unseren Laternen in die Nacht. Am Ende teilt jeder von <\/span><span class=\"xr_tl\">uns noch den Martinswecken mit einem Freund, so wie St. Martin in der Geschichte seinen Mantel mit dem Bettler teilt. So <\/span><span class=\"xr_tl\">kommen die christlichen Impulse der Feste hinzu. In der Advent- und Dreik\u00f6nigszeit hat das Weihnachtsspiel seinen Platz:<br \/>\n<\/span><span class=\"xr_tl\">jedes Kind darf einmal die Maria, der Josef, ein Hirte oder eines der Sch\u00e4fchen sein. Man kann erkennen, dass ein Jahr voll <\/span><span class=\"xr_tl xr_s6\"><span class=\"xr_s3\">ist mit Festen, deren Vorbereitung und dem Erleben.<\/span><\/span><\/p>\n","protected":false},"excerpt":{"rendered":"<p>Im Waldorfkindergarten erleben und feiern wir folgende Feste: Januar: Drei K\u00f6nige Februar\/M\u00e4rz: Fasching M\u00e4rz\/April: Ostern Mai\/Juni: Himmelfahrt und Pfingsten Juni\/Juli: Johanni, Sommerfest und der Abschied der Schulkinder Juli\/August: Ferienzeit\/Ferienbetreuung September: Erntezeit Oktober: Michaelizeit (Drache, Schwert, Kr\u00e4ftemessen) November: Martinsfest Dezember: Adventszeit und Adventsg\u00e4rtlein Im Waldorfkindergarten werden die Jahreszeiten und die christlichen Jahresfeste erlebt, z. B. durch &hellip; <a href=\"https:\/\/waldorfkindergarten-langen.de\/?page_id=41\" class=\"more-link\">Continue reading <span class=\"screen-reader-text\">Jahreslauf<\/span> <span class=\"meta-nav\">&rarr;<\/span><\/a><\/p>\n","protected":false},"author":1,"featured_media":0,"parent":26,"menu_order":2,"comment_status":"closed","ping_status":"closed","template":"","meta":[],"_links":{"self":[{"href":"https:\/\/waldorfkindergarten-langen.de\/index.php?rest_route=\/wp\/v2\/pages\/41"}],"collection":[{"href":"https:\/\/waldorfkindergarten-langen.de\/index.php?rest_route=\/wp\/v2\/pages"}],"about":[{"href":"https:\/\/waldorfkindergarten-langen.de\/index.php?rest_route=\/wp\/v2\/types\/page"}],"author":[{"embeddable":true,"href":"https:\/\/waldorfkindergarten-langen.de\/index.php?rest_route=\/wp\/v2\/users\/1"}],"replies":[{"embeddable":true,"href":"https:\/\/waldorfkindergarten-langen.de\/index.php?rest_route=%2Fwp%2Fv2%2Fcomments&post=41"}],"version-history":[{"count":6,"href":"https:\/\/waldorfkindergarten-langen.de\/index.php?rest_route=\/wp\/v2\/pages\/41\/revisions"}],"predecessor-version":[{"id":47,"href":"https:\/\/waldorfkindergarten-langen.de\/index.php?rest_route=\/wp\/v2\/pages\/41\/revisions\/47"}],"up":[{"embeddable":true,"href":"https:\/\/waldorfkindergarten-langen.de\/index.php?rest_route=\/wp\/v2\/pages\/26"}],"wp:attachment":[{"href":"https:\/\/waldorfkindergarten-langen.de\/index.php?rest_route=%2Fwp%2Fv2%2Fmedia&parent=41"}],"curies":[{"name":"wp","href":"https:\/\/api.w.org\/{rel}","templated":true}]}}